{"id":11396,"date":"2020-04-15T15:48:15","date_gmt":"2020-04-15T10:18:15","guid":{"rendered":"https:\/\/awsstaging.heartfulness.org\/fi\/?page_id=11396"},"modified":"2020-05-19T16:39:58","modified_gmt":"2020-05-19T11:09:58","slug":"universal-prayer","status":"publish","type":"page","link":"https:\/\/heartfulness.org\/fi\/universal-prayer\/","title":{"rendered":"Universal Prayer at 9 PM"},"content":{"rendered":"<div class=\"universal-prayer-innerpage-head\">\n<div class=\"hfn-container\">\n<h1 class=\"display-4 py-2 text-center\">Yleismaailmallinen  rukous klo 21.00<\/h1>\n<\/div>\n<\/div>\n<div class=\"universal-prayer-innerpage-content\">\n<div class=\"hfn-container\">\n<div class=\"row\">\n<div class=\"col-lg-6\">\n                <img src=\"\/\/prodwritenode.heartfulness.org\/fi\/wp-content\/uploads\/2020\/04\/universal-prayer-img2-1.jpg\" class=\"img-fluid\">\n            <\/div>\n<div class=\"col-lg-6\">\n<div class=\"universal-prayer-main-text\">\n<p>Yleismaailmallinen rukous tehd\u00e4\u00e4n p\u00e4ivitt\u00e4in ja sen tavoitteena on kaikkien hyvinvointi.<\/p>\n<p>Tasan kello 21.00 voi jokainen, joka haluaa, lopettaa ty\u00f6ns\u00e4 miss\u00e4 ikin\u00e4 sattuukaan silloin olemaan ja meditoimaan viisitoista minuuttia ajatellen, ett\u00e4 kaikki siskot ja veljet maailmassa t\u00e4yttyv\u00e4t rakkaudella ja antaumuksella ja ett\u00e4 todellinen usko vahvistuu heiss\u00e4. T\u00e4m\u00e4 tulee olemaan heille valtavan arvokasta, mink\u00e4 yksin k\u00e4yt\u00e4nn\u00f6n kokemus tulee osoittamaan.<\/p>\n<\/p><\/div>\n<\/div><\/div>\n<div class=\"row block-order\">\n<div class=\"col-lg-6\">\n<div class=\"universal-prayer-main-text\">\n<p class=\"text-lg-right\">Rukoillessamme jokainen omassa maassamme klo 21.00 muodostamme yhdess\u00e4 maailmanlaajuisen ketjun, jossa keskeytyksett\u00e4, kaikkina vuorokauden aikoina rukoillaan ihmiskunnan henkisen hyvinvoinnin puolesta. Kutsumme jokaisen mukaan t\u00e4h\u00e4n universaaliin rukoukseen.<\/p>\n<p class=\"gotham-medium text-lg-right\">Daaji puhuu Universaalista Rukouksesta<\/p>\n<p  class=\"text-lg-right\"><a class=\"hfn-colorbtn\" target=\"_blank\" href=\"https:\/\/cdn-prod.heartfulness.org\/hfn\/files\/universal-prayer.mp3\" rel=\"noopener noreferrer\">Kuuntele<\/a><\/p>\n<\/div><\/div>\n<div class=\"col-lg-6\">\n                <img src=\"\/\/prodwritenode.heartfulness.org\/fi\/wp-content\/uploads\/2020\/04\/universal-prayer-img1-1.jpg\" class=\"img-fluid\">\n            <\/div><\/div><\/div>\n<\/div>\n<div class=\"py-4 my-2\">\n<div class=\"hfn-container\">\n<div class=\"row\">\n<div class=\"col-lg-10\">\n<h1 class=\"px-4 display-4 universal-prayer-sec-title\">Yleismaailmallinen  rukous klo 21.00<\/h1>\n<h2 class=\"px-4 universal-prayer-subsec-title\">monilla eri kielill\u00e4<\/h2>\n<\/div>\n<div class=\"col-lg-2 pt-4\">\n<a class=\"hfn-colorbtn mx-4 m-lg-0\" target=\"_blank\" href=\"#\" rel=\"noopener noreferrer\">VIEW PDF<\/a>\n<\/div>\n<\/div>\n<\/div>\n<\/div>\n","protected":false},"excerpt":{"rendered":"<p>Yleismaailmallinen rukous klo 21.00 Yleismaailmallinen rukous tehd\u00e4\u00e4n p\u00e4ivitt\u00e4in ja sen tavoitteena on kaikkien hyvinvointi. Tasan kello 21.00 voi jokainen, joka haluaa, lopettaa ty\u00f6ns\u00e4 miss\u00e4 ikin\u00e4 sattuukaan silloin olemaan ja meditoimaan viisitoista minuuttia ajatellen, ett\u00e4 kaikki siskot ja veljet maailmassa t\u00e4yttyv\u00e4t rakkaudella ja antaumuksella ja ett\u00e4 todellinen usko vahvistuu heiss\u00e4. T\u00e4m\u00e4 tulee olemaan heille valtavan arvokasta, mink\u00e4 yksin k\u00e4yt\u00e4nn\u00f6n kokemus tulee&hellip;&#8230; <a href=\"https:\/\/heartfulness.org\/fi\/universal-prayer\/\">Read More<\/a>.<\/p>\n","protected":false},"author":21,"featured_media":0,"parent":0,"menu_order":0,"comment_status":"closed","ping_status":"closed","template":"","meta":[],"yst_prominent_words":[],"_links":{"self":[{"href":"https:\/\/heartfulness.org\/fi\/wp-json\/wp\/v2\/pages\/11396"}],"collection":[{"href":"https:\/\/heartfulness.org\/fi\/wp-json\/wp\/v2\/pages"}],"about":[{"href":"https:\/\/heartfulness.org\/fi\/wp-json\/wp\/v2\/types\/page"}],"author":[{"embeddable":true,"href":"https:\/\/heartfulness.org\/fi\/wp-json\/wp\/v2\/users\/21"}],"replies":[{"embeddable":true,"href":"https:\/\/heartfulness.org\/fi\/wp-json\/wp\/v2\/comments?post=11396"}],"version-history":[{"count":11,"href":"https:\/\/heartfulness.org\/fi\/wp-json\/wp\/v2\/pages\/11396\/revisions"}],"predecessor-version":[{"id":11561,"href":"https:\/\/heartfulness.org\/fi\/wp-json\/wp\/v2\/pages\/11396\/revisions\/11561"}],"wp:attachment":[{"href":"https:\/\/heartfulness.org\/fi\/wp-json\/wp\/v2\/media?parent=11396"}],"wp:term":[{"taxonomy":"yst_prominent_words","embeddable":true,"href":"https:\/\/heartfulness.org\/fi\/wp-json\/wp\/v2\/yst_prominent_words?post=11396"}],"curies":[{"name":"wp","href":"https:\/\/api.w.org\/{rel}","templated":true}]}}